{"id":47474,"date":"2025-05-21T16:05:32","date_gmt":"2025-05-21T16:05:32","guid":{"rendered":"https:\/\/www.umv.gov.co\/portal\/?page_id=47474"},"modified":"2026-07-16T23:48:06","modified_gmt":"2026-07-16T23:48:06","slug":"clico-umv-al-barrio","status":"publish","type":"page","link":"https:\/\/www.umv.gov.co\/portal\/clico-umv-al-barrio\/","title":{"rendered":"Clico UMV al Barrio"},"content":{"rendered":"<div class=\"wpb-content-wrapper\">[vc_row pix_particles_check=&#8221;&#8221; pix_background_effect=&#8221;&#8221; css=&#8221;.vc_custom_1729203371442{margin-top: -20px !important;}&#8221;][vc_column pix_background_effect=&#8221;&#8221;]<span class=\"pix-badge-element h6 d-inline-flex mr-1 \"  ><span class=\"badge font-weight-bold secondary-font  bg-secondary  vc_custom_1752075453455  \" style=\" \"><span class=\"text-white\" style=\"\">VIGENCIA 2025<\/span><\/span><\/span>[\/vc_column][\/vc_row][vc_row pix_particles_check=&#8221;&#8221; pix_background_effect=&#8221;&#8221;][vc_column pix_background_effect=&#8221;&#8221;][vc_tta_tabs style=&#8221;outline&#8221; color=&#8221;mulled-wine&#8221; active_section=&#8221;1&#8243;][vc_tta_section title=&#8221;Vigencia 2026&#8243; tab_id=&#8221;1784241378852-a5b858fb-fa40&#8243;]<span class=\"pix-badge-element h6 d-inline-flex mr-1 \"  ><span class=\"badge font-weight-bold secondary-font  bg-secondary  vc_custom_1784241937653  \" style=\" \"><span class=\"text-white\" style=\"\">UMV AL BARRIO COLEGIO EL VERJON_SANTA F\u00c9<\/span><\/span><\/span>[vc_column_text css=&#8221;.vc_custom_1784242185734{margin-bottom: 20px !important;}&#8221;]<ul>\n \t<li><a href=\"https:\/\/www.umv.gov.co\/portal\/wp-content\/uploads\/2026\/07\/Informe-satisfaccion-IED-Verjon.pdf\" target=\"_blank\" rel=\"noopener\">Informe de Satisfacci\u00f3n colegio el Verj\u00f3n Santaf\u00e9<\/a><\/li>\n \t<li><a href=\"https:\/\/www.umv.gov.co\/portal\/wp-content\/uploads\/2026\/07\/Sistematizacion.xlsx\" target=\"_blank\" rel=\"noopener\">Sistematizaci\u00f3n UMV al barrio colegio el Verj\u00f3n Santaf\u00e9<\/a><\/li>\n<\/ul>[\/vc_column_text]<span class=\"pix-badge-element h6 d-inline-flex mr-1 \"  ><span class=\"badge font-weight-bold secondary-font  bg-secondary  vc_custom_1784242207182  \" style=\" \"><span class=\"text-white\" style=\"\">UMV AL BARRIO COLEGIO  KENNEDY NICOLAS ESGUERRA<\/span><\/span><\/span>[vc_column_text css=&#8221;.vc_custom_1784243143130{margin-bottom: 20px !important;}&#8221;]<ul>\n \t<li><a href=\"https:\/\/www.umv.gov.co\/portal\/wp-content\/uploads\/2026\/07\/Informe-de-satisfaccion-Colegio.pdf\" target=\"_blank\" rel=\"noopener\">INFORME DE SATISFACCI\u00d3N &nbsp;COLEGIO_SAN CRISTOBAL<\/a><\/li>\n \t<li><a href=\"https:\/\/www.umv.gov.co\/portal\/wp-content\/uploads\/2026\/07\/20260327-Sistematizacion-Colegio-Sur-Oriental-Panamericano.xlsx\" target=\"_blank\" rel=\"noopener\">Sistematizaci\u00f3n &nbsp;COLEGIO SAN CRISTOBAL<\/a><\/li>\n<\/ul>[\/vc_column_text]<span class=\"pix-badge-element h6 d-inline-flex mr-1 \"  ><span class=\"badge font-weight-bold secondary-font  bg-secondary  vc_custom_1784243082103  \" style=\" \"><span class=\"text-white\" style=\"\">UMV AL BARRIO COLEGIO SAN CRISTOBAL<\/span><\/span><\/span>[vc_column_text css=&#8221;.vc_custom_1784243598071{margin-bottom: 20px !important;}&#8221;]<ul>\n \t<li><a href=\"https:\/\/www.umv.gov.co\/portal\/wp-content\/uploads\/2026\/07\/20260327-Sistematizacion-Colegio-Sur-Oriental-Panamericano-1.xlsx\" target=\"_blank\" rel=\"noopener\">INFORME DE SATISFACCI\u00d3N COLEGIO SAN CRISTOBAL<\/a><\/li>\n \t<li><a href=\"https:\/\/www.umv.gov.co\/portal\/wp-content\/uploads\/2026\/07\/Informe-de-satisfaccion-Colegio-1.pdf\" target=\"_blank\" rel=\"noopener\">SISTEMATIZACI\u00d3N COLEGIO SAN CRISTOBAL<\/a><\/li>\n<\/ul>[\/vc_column_text]<span class=\"pix-badge-element h6 d-inline-flex mr-1 \"  ><span class=\"badge font-weight-bold secondary-font  bg-secondary  vc_custom_1784243624611  \" style=\" \"><span class=\"text-white\" style=\"\">UMV AL BARRIO COLEGIO RURAL PASQUILLA CB<\/span><\/span><\/span>[vc_column_text css=&#8221;.vc_custom_1784244201019{margin-bottom: 20px !important;}&#8221;]<ul>\n \t<li><a href=\"https:\/\/www.umv.gov.co\/portal\/wp-content\/uploads\/2026\/07\/Infrome-de-satisfaccion-IED-rural-pasquilla.pdf\" target=\"_blank\" rel=\"noopener\">INFORME DE SATISFACCI\u00d3N COLEGIO RURAL PASQUILLA CB<\/a><\/li>\n \t<li><a href=\"https:\/\/www.umv.gov.co\/portal\/wp-content\/uploads\/2026\/07\/Infrome-de-satisfaccion-IED-rural-pasquilla.pdf\" target=\"_blank\" rel=\"noopener\">SISTEMATIZACI\u00d3N COLEGIO RURAL PASQUILLA CB<\/a><\/li>\n<\/ul>[\/vc_column_text]<span class=\"pix-badge-element h6 d-inline-flex mr-1 \"  ><span class=\"badge font-weight-bold secondary-font  bg-secondary  vc_custom_1784244228889  \" style=\" \"><span class=\"text-white\" style=\"\">UMV AL BARRIO RAFAEL URIBE URIBE<\/span><\/span><\/span>[vc_column_text css=&#8221;.vc_custom_1784244350240{margin-bottom: 20px !important;}&#8221;]<ul>\n \t<li><a href=\"https:\/\/www.umv.gov.co\/portal\/wp-content\/uploads\/2026\/07\/Infrome-de-satisfaccion-IED-rural-pasquilla.pdf\" target=\"_blank\" rel=\"noopener\">INFORME DE CONVOCATORIA SESION I RAFAEL URIBE URIBE<\/a><\/li>\n \t<li><a href=\"https:\/\/www.umv.gov.co\/portal\/wp-content\/uploads\/2026\/07\/Informe-Rafael-Uribe-Uribe-Sesion-1-Firmado-.pdf\" target=\"_blank\" rel=\"noopener\">INFORME ANALISIS DE SATISFACCION SESION I RAFAEL URIBE URIBE<\/a><\/li>\n \t<li><a href=\"https:\/\/www.umv.gov.co\/portal\/wp-content\/uploads\/2026\/07\/Sistematizacion-sesion-I.xlsx\" target=\"_blank\" rel=\"noopener\">Sistematizaci\u00f3n UMV al barrio ciclo de empoderamiento ciudadano Sesio\u0301n I RAFAEL URIBE URIBE<\/a><\/li>\n<\/ul>[\/vc_column_text]<span class=\"pix-badge-element h6 d-inline-flex mr-1 \"  ><span class=\"badge font-weight-bold secondary-font  bg-secondary  vc_custom_1784244411347  \" style=\" \"><span class=\"text-white\" style=\"\">UMV AL BARRIO TUNJUELITO<\/span><\/span><\/span>[vc_column_text css=&#8221;.vc_custom_1784244525813{margin-bottom: 20px !important;}&#8221;]<ul>\n \t<li><a href=\"https:\/\/www.umv.gov.co\/portal\/wp-content\/uploads\/2026\/07\/20260328-Sistematizacion-UMV-al-barrio-L.-Tunjuelito-Sesion-I.xlsx\" target=\"_blank\" rel=\"noopener\">INFORME_CONVOCATORIA SESION I TUNJUELITO<\/a><\/li>\n \t<li><a href=\"https:\/\/www.umv.gov.co\/portal\/wp-content\/uploads\/2026\/07\/Informe-de-convocatoria-y-divulgacion-Sesion-I-Tunjuelito.pdf\" target=\"_blank\" rel=\"noopener\">INFORME_ANALISIS DE SATISFACCION TUNJUELITO SESION I&nbsp;<\/a><\/li>\n \t<li><a href=\"https:\/\/www.umv.gov.co\/portal\/wp-content\/uploads\/2026\/07\/INFORME-DE-SATISFACCION-SESION-I-TUNJUELITO-FIRMADO-.pdf\" target=\"_blank\" rel=\"noopener\">Sistematizaci\u00f3n UMV al barrio ciclo de empoderamiento ciudadano Sesio\u0301n I<\/a><\/li>\n<\/ul>[\/vc_column_text][vc_column_text css=&#8221;.vc_custom_1784244621105{margin-bottom: 20px !important;}&#8221;]<ul>\n \t<li><a href=\"https:\/\/www.umv.gov.co\/portal\/wp-content\/uploads\/2026\/07\/20260328-Sistematizacion-UMV-al-barrio-L.-Tunjuelito-Sesion-II.xlsx\" target=\"_blank\" rel=\"noopener\">INFORME_CONVOCATORIA SESION II TUNJUELITO<\/a><\/li>\n \t<li><a href=\"https:\/\/www.umv.gov.co\/portal\/wp-content\/uploads\/2026\/07\/Informe-de-convocatoria-_-Tunjuelito.pdf\" target=\"_blank\" rel=\"noopener\">INFORME ANALISIS DE SATISFACCION TUNJUELITO SESION II&nbsp;<\/a><\/li>\n \t<li><a href=\"https:\/\/www.umv.gov.co\/portal\/wp-content\/uploads\/2026\/07\/Informe-de-satisfaccion-sesion-ll-firmado-.pdf\" target=\"_blank\" rel=\"noopener\">Sistematizaci\u00f3n UMV al barrio ciclo de empoderamiento ciudadano Sesio\u0301n I<\/a><\/li>\n<\/ul>[\/vc_column_text]<span class=\"pix-badge-element h6 d-inline-flex mr-1 \"  ><span class=\"badge font-weight-bold secondary-font  bg-secondary  vc_custom_1784244695591  \" style=\" \"><span class=\"text-white\" style=\"\">UMV AL BARRIO USME<\/span><\/span><\/span>[vc_column_text css=&#8221;.vc_custom_1784245025230{margin-bottom: 20px !important;}&#8221;]<ul>\n \t<li><a href=\"https:\/\/www.umv.gov.co\/portal\/wp-content\/uploads\/2026\/07\/Informe-de-convocatoria-_-USME.pdf\" target=\"_blank\" rel=\"noopener\">Informe de Convocatoria UMV al Barrio Usme<\/a><\/li>\n \t<li><a href=\"https:\/\/www.umv.gov.co\/portal\/wp-content\/uploads\/2026\/07\/20261180114923_Informe-de-satisfaccion-Usme.pdf\" target=\"_blank\" rel=\"noopener\">Informe de satisfacci\u00f3n UMV al Barrio Usme<\/a><\/li>\n \t<li><a href=\"https:\/\/www.umv.gov.co\/portal\/wp-content\/uploads\/2026\/07\/20260328-Sistematizacion-UMV-al-barrio-L.-Usme.xlsx\" target=\"_blank\" rel=\"noopener\">Sistematizaci\u00f3n UMV al Barrio Usme<\/a><\/li>\n<\/ul>[\/vc_column_text]<span class=\"pix-badge-element h6 d-inline-flex mr-1 \"  ><span class=\"badge font-weight-bold secondary-font  bg-secondary  vc_custom_1784245081555  \" style=\" \"><span class=\"text-white\" style=\"\">UMV AL BARRIO PUENTE ARANDA<\/span><\/span><\/span>[vc_column_text css=&#8221;.vc_custom_1784245213483{margin-bottom: 20px !important;}&#8221;]<ul>\n \t<li><a href=\"https:\/\/www.umv.gov.co\/portal\/wp-content\/uploads\/2026\/07\/informe-de-convocatoria.pdf\" target=\"_blank\" rel=\"noopener\">INFORME DE CONVOCATORIA UMV AL BARRIO PUENTE ARANDA SESION I<\/a><\/li>\n \t<li><a href=\"https:\/\/www.umv.gov.co\/portal\/wp-content\/uploads\/2026\/07\/Informe-de-satisfaccion-_-PA_Sesion-I.pdf\" target=\"_blank\" rel=\"noopener\">An\u00e1lisis satisfacci\u00f3n UMV al Barrio Puente Aranda Sesi\u00f3n I<\/a><\/li>\n \t<li><a href=\"https:\/\/www.umv.gov.co\/portal\/wp-content\/uploads\/2026\/07\/Sistematizacion_UMValBarrio_puente-aranda.xlsx\" target=\"_blank\" rel=\"noopener\">Sistematizaci\u00f3n UMV al Barrio Puente Aranda Sesi\u00f3n I<\/a><\/li>\n<\/ul>[\/vc_column_text][vc_column_text css=&#8221;.vc_custom_1784245278879{margin-bottom: 20px !important;}&#8221;]<ul>\n \t<li><a href=\"https:\/\/www.umv.gov.co\/portal\/wp-content\/uploads\/2026\/07\/Informe-de-convocatoria.pdf\" target=\"_blank\" rel=\"noopener\">INFORME DE CONVOCATORIA UMV AL BARRIO PUENTE ARANDA SESION II<\/a><\/li>\n \t<li><a href=\"https:\/\/www.umv.gov.co\/portal\/wp-content\/uploads\/2026\/07\/Informe-de-satisfaccion_-Sesion-II-Puente-aranda.pdf\" target=\"_blank\" rel=\"noopener\">An\u00e1lisis satisfacci\u00f3n UMV al Barrio Puente Aranda Sesi\u00f3n II<\/a><\/li>\n \t<li><a href=\"https:\/\/www.umv.gov.co\/portal\/wp-content\/uploads\/2026\/07\/Sistematizacion-II_UMValBarrio_puente-aranda.xlsx\" target=\"_blank\" rel=\"noopener\">Sistematizaci\u00f3n UMV al Barrio Puente Aranda Sesi\u00f3n II<\/a><\/li>\n<\/ul>[\/vc_column_text]<span class=\"pix-badge-element h6 d-inline-flex mr-1 \"  ><span class=\"badge font-weight-bold secondary-font  bg-secondary  vc_custom_1784245324791  \" style=\" \"><span class=\"text-white\" style=\"\">UMV AL BARRIO SAN CRISTOBAL<\/span><\/span><\/span>[vc_column_text css=&#8221;.vc_custom_1784245467772{margin-bottom: 20px !important;}&#8221;]<ul>\n \t<li><a href=\"https:\/\/www.umv.gov.co\/portal\/wp-content\/uploads\/2026\/07\/Informe-de-Convocatoria-San-Cristobal.pdf\" target=\"_blank\" rel=\"noopener\">Convocatoria UMV al Barrio San Crist\u00f3bal Sesi\u00f3n I<\/a><\/li>\n \t<li><a href=\"https:\/\/www.umv.gov.co\/portal\/wp-content\/uploads\/2026\/07\/20261180185283-Informe-de-satisfaccion-San-Cristobal-I.pdf\" target=\"_blank\" rel=\"noopener\">An\u00e1lisis satisfacci\u00f3n UMV al Barrio San Crist\u00f3bal Sesi\u00f3n I<\/a><\/li>\n \t<li><a href=\"https:\/\/www.umv.gov.co\/portal\/wp-content\/uploads\/2026\/07\/20260328-Sistematizacion-UMV-al-barrio-L.-San-Cristobal.xlsx\" target=\"_blank\" rel=\"noopener\">Sistematizaci\u00f3n UMV al Barrio San Crist\u00f3bal Sesi\u00f3n I<\/a><\/li>\n<\/ul>[\/vc_column_text][vc_column_text css=&#8221;.vc_custom_1784245542925{margin-bottom: 20px !important;}&#8221;]<ul>\n \t<li><a href=\"https:\/\/www.umv.gov.co\/portal\/wp-content\/uploads\/2026\/07\/Informe-de-convocatoria-1.pdf\" target=\"_blank\" rel=\"noopener\">Convocatoria UMV al Barrio San Crist\u00f3bal Sesi\u00f3n II<\/a><\/li>\n \t<li><a href=\"https:\/\/www.umv.gov.co\/portal\/wp-content\/uploads\/2026\/07\/Informe-de-satisfaccion.pdf\" target=\"_blank\" rel=\"noopener\">An\u00e1lisis satisfacci\u00f3n UMV al Barrio San Crist\u00f3bal Sesi\u00f3n II<\/a><\/li>\n \t<li><a href=\"https:\/\/www.umv.gov.co\/portal\/wp-content\/uploads\/2026\/07\/Sistematizacion_UMValBarrio_San-cristobal-sesion-II.xlsx\" target=\"_blank\" rel=\"noopener\">Sistematizaci\u00f3n UMV al Barrio San Crist\u00f3bal Sesi\u00f3n II<\/a><\/li>\n<\/ul>[\/vc_column_text][\/vc_tta_section][vc_tta_section title=&#8221;Vigencia 2025&#8243; tab_id=&#8221;1784221797282-8bbcb3c5-4280&#8243;]<span class=\"pix-badge-element h6 d-inline-flex mr-1 \"  ><span class=\"badge font-weight-bold secondary-font  bg-secondary  vc_custom_1766766855807  \" style=\" \"><span class=\"text-white\" style=\"\">Umv al Barrio Colegio Barrios Unidos<\/span><\/span><\/span>[vc_column_text css=&#8221;.vc_custom_1766766944655{margin-bottom: 20px !important;}&#8221;]<ul>\n \t<li><a href=\"https:\/\/www.umv.gov.co\/portal\/wp-content\/uploads\/2025\/12\/20251028-Informe-de-Satisfaccion-Colegio-Heladia-Mejia-Barrios-Unidos.pdf\" target=\"_blank\" rel=\"noopener\">Informe de Satisfacci\u00f3n Colegio Helad\u00eda Mej\u00eda Barrios Unidos<\/a><\/li>\n \t<li><a href=\"https:\/\/www.umv.gov.co\/portal\/wp-content\/uploads\/2025\/12\/20251028-Sistematizacion_UMV-al-barrio-colegio-Barrios-Unidos.xlsx\" target=\"_blank\" rel=\"noopener\">Sistematizaci\u00f3n UMV al barrio colegio Barrios Unidos<\/a><\/li>\n<\/ul>[\/vc_column_text]<span class=\"pix-badge-element h6 d-inline-flex mr-1 \"  ><span class=\"badge font-weight-bold secondary-font  bg-secondary  vc_custom_1766766603599  \" style=\" \"><span class=\"text-white\" style=\"\">Sesi\u00f3n I Barrios Unidos<\/span><\/span><\/span>[vc_column_text css=&#8221;.vc_custom_1766766673668{margin-bottom: 20px !important;}&#8221;]<ul>\n \t<li><a href=\"https:\/\/www.umv.gov.co\/portal\/wp-content\/uploads\/2025\/12\/20251112-Informe-convocatoria.pdf\" target=\"_blank\" rel=\"noopener\">INFORME DE CONVOCATORIA SESION I BARRIOS UNIDOS<\/a><\/li>\n \t<li><a href=\"https:\/\/www.umv.gov.co\/portal\/wp-content\/uploads\/2025\/12\/20251112-Informe-de-satisfaccion-Barrios-Unidos-sesion-I.pdf\" target=\"_blank\" rel=\"noopener\">INFORME_ANALISIS DE SATISFACCION ENGATIVA SESION I&nbsp;<\/a><\/li>\n \t<li><a href=\"https:\/\/www.umv.gov.co\/portal\/wp-content\/uploads\/2025\/12\/20251112-Sistematizacion-Barrios-Unidos-sesion-I.xlsx\" target=\"_blank\" rel=\"noopener\">Sistematizaci\u00f3n UMV al barrio ciclo de empoderamiento ciudadano Sesio\u0301n I<\/a><\/li>\n<\/ul>[\/vc_column_text]<span class=\"pix-badge-element h6 d-inline-flex mr-1 \"  ><span class=\"badge font-weight-bold secondary-font  bg-secondary  vc_custom_1766766699876  \" style=\" \"><span class=\"text-white\" style=\"\">Sesi\u00f3n II Barrios Unidos<\/span><\/span><\/span>[vc_column_text css=&#8221;.vc_custom_1766766791991{margin-bottom: 20px !important;}&#8221;]<ul>\n \t<li><a href=\"https:\/\/www.umv.gov.co\/portal\/wp-content\/uploads\/2025\/12\/20251119-Informe-de-convocatoria.pdf\" target=\"_blank\" rel=\"noopener\">INFORME DE CONVOCATORIA SESION II BARRIOS UNIDOS<\/a><\/li>\n \t<li><a href=\"https:\/\/www.umv.gov.co\/portal\/wp-content\/uploads\/2025\/12\/20251219-Informe-de-satisfaccion-sesion-ll-Barrios-Unidos.pdf\" target=\"_blank\" rel=\"noopener\">INFORME_ANALISIS DE SATISFACCION ENGATIVA SESION II&nbsp;<\/a><\/li>\n \t<li><a href=\"https:\/\/www.umv.gov.co\/portal\/wp-content\/uploads\/2025\/12\/20251119-Sistematizacion-Barrios-Unudos-sesion-II.xlsx\" target=\"_blank\" rel=\"noopener\">Sistematizaci\u00f3n UMV al barrio ciclo de empoderamiento ciudadano Sesio\u0301n II<\/a><\/li>\n<\/ul>[\/vc_column_text]<span class=\"pix-badge-element h6 d-inline-flex mr-1 \"  ><span class=\"badge font-weight-bold secondary-font  bg-secondary  vc_custom_1759507310628  \" style=\" \"><span class=\"text-white\" style=\"\">Sesi\u00f3n I Engativ\u00e1<\/span><\/span><\/span>[vc_column_text css=&#8221;.vc_custom_1761927774504{margin-bottom: 20px !important;}&#8221;]<ul>\n \t<li><a href=\"https:\/\/www.umv.gov.co\/portal\/wp-content\/uploads\/2025\/10\/UMV-al-Barrio_-aviso-de-convocatoria_Sesio-I.pdf\" target=\"_blank\" rel=\"noopener\">INFORME DE CONVOCATORIA SESION I ENGATIVA<\/a><\/li>\n \t<li><a href=\"https:\/\/www.umv.gov.co\/portal\/wp-content\/uploads\/2025\/10\/20250811_-Informe-de-Satisfaccion-UMV-al-Barrio-sesion-I.pdf\" target=\"_blank\" rel=\"noopener\">INFORME_ANALISIS DE SATISFACCION ENGATIVA SESION I&nbsp;<\/a><\/li>\n \t<li><a href=\"https:\/\/www.umv.gov.co\/portal\/wp-content\/uploads\/2025\/10\/20250811_Sistematizacion_UMValBarrio_engativa-sesion-I.xlsx\" target=\"_blank\" rel=\"noopener\">Sistematizaci\u00f3n UMV al barrio ciclo de empoderamiento ciudadano Sesio\u0301n I<\/a><\/li>\n<\/ul>[\/vc_column_text]<span class=\"pix-badge-element h6 d-inline-flex mr-1 \"  ><span class=\"badge font-weight-bold secondary-font  bg-secondary  vc_custom_1759507403649  \" style=\" \"><span class=\"text-white\" style=\"\">Sesi\u00f3n II Engativ\u00e1<\/span><\/span><\/span>[vc_column_text css=&#8221;.vc_custom_1761927807072{margin-bottom: 20px !important;}&#8221;]<ul>\n \t<li><a href=\"https:\/\/www.umv.gov.co\/portal\/wp-content\/uploads\/2025\/10\/UMV-al-Barrio_-aviso-de-convocatoria_Sesio-II.pdf\" target=\"_blank\" rel=\"noopener\">INFORME DE CONVOCATORIA SESION II ENGATIVA<\/a><\/li>\n \t<li><a href=\"https:\/\/www.umv.gov.co\/portal\/wp-content\/uploads\/2025\/10\/20250819_-Informe-de-satisfaccion_UMV-al-Barrio_-Sesion-II.pdf\" target=\"_blank\" rel=\"noopener\">INFORME_ANALISIS DE SATISFACCION ENGATIVA SESION II&nbsp;<\/a><\/li>\n \t<li><a href=\"https:\/\/www.umv.gov.co\/portal\/wp-content\/uploads\/2025\/10\/Sistematizacion_UMValBarrio_engativa-sesion-II.xlsx\" target=\"_blank\" rel=\"noopener\">Sistematizaci\u00f3n UMV al barrio ciclo de empoderamiento ciudadano Sesio\u0301n I<\/a><\/li>\n<\/ul>[\/vc_column_text]<span class=\"pix-badge-element h6 d-inline-flex mr-1 \"  ><span class=\"badge font-weight-bold secondary-font  bg-secondary  vc_custom_1752075446735  \" style=\" \"><span class=\"text-white\" style=\"\">Sesi\u00f3n I Kennedy<\/span><\/span><\/span>[vc_column_text css=&#8221;.vc_custom_1747845384588{margin-bottom: 20px !important;}&#8221;]<ul>\n \t<li><a href=\"https:\/\/www.umv.gov.co\/portal\/wp-content\/uploads\/2025\/05\/20251180118983_00001_-INFORME_CONVOCATORIA-SESION-I_KENNEDY.pdf\" target=\"_blank\" rel=\"noopener\">INFORME_CONVOCATORIA SESION I KENNEDY<\/a><\/li>\n \t<li><a href=\"https:\/\/www.umv.gov.co\/portal\/wp-content\/uploads\/2025\/05\/20251180129883_00001_INFORME_ANALISIS-DE-SATISFACCION_KENNEDY-SESION-I.pdf\" target=\"_blank\" rel=\"noopener\">INFORME_ANALISIS DE SATISFACCION KENNEDY SESION I&nbsp;<\/a><\/li>\n \t<li><a href=\"https:\/\/www.umv.gov.co\/portal\/wp-content\/uploads\/2025\/05\/Sistematizacion-UMV-al-barrio-ciclo-de-empoderamiento-ciudadano-Sesion-1-29-marzo-2025-2.xlsx\" target=\"_blank\" rel=\"noopener\">Sistematizaci\u00f3n UMV al barrio ciclo de empoderamiento ciudadano Sesio\u0301n I<\/a><\/li>\n<\/ul>[\/vc_column_text]<span class=\"pix-badge-element h6 d-inline-flex mr-1 \"  ><span class=\"badge font-weight-bold secondary-font  bg-secondary  vc_custom_1747845275051  \" style=\" \"><span class=\"text-white\" style=\"\">Sesi\u00f3n II Kennedy<\/span><\/span><\/span>[vc_column_text css=&#8221;.vc_custom_1747845375571{margin-bottom: 20px !important;}&#8221;]<ul>\n \t<li><a href=\"https:\/\/www.umv.gov.co\/portal\/wp-content\/uploads\/2025\/05\/20251180118983_00001_-INFORME_CONVOCATORIA-SESION-II_KENNEDY.pdf\" target=\"_blank\" rel=\"noopener\">INFORME CONVOCATORIA SESION II KENNEDY<\/a><\/li>\n \t<li><a href=\"https:\/\/www.umv.gov.co\/portal\/wp-content\/uploads\/2025\/05\/20251180129883_00001_INFORME_ANALISIS-DE-SATISFACCION_KENNEDY-SESION-II.pdf\" target=\"_blank\" rel=\"noopener\">INFORME ANALISIS DE SATISFACCION KENNEDY SESION II&nbsp;<\/a><\/li>\n \t<li><a href=\"https:\/\/www.umv.gov.co\/portal\/wp-content\/uploads\/2025\/05\/Sistematizacion-UMV-al-barrio-ciclo-de-empoderamiento-ciudadano-Sesion-1-29-marzo-2025-2-1.xlsx\" target=\"_blank\" rel=\"noopener\">Sistematizaci\u00f3n UMV al barrio ciclo de empoderamiento ciudadano Sesio\u0301n II<\/a><\/li>\n<\/ul>[\/vc_column_text]<span class=\"pix-badge-element h6 d-inline-flex mr-1 \"  ><span class=\"badge font-weight-bold secondary-font  bg-secondary  vc_custom_1750792148621  \" style=\" \"><span class=\"text-white\" style=\"\">Umv al Barrio Colegio kennedy<\/span><\/span><\/span>[vc_column_text css=&#8221;.vc_custom_1750792401884{margin-bottom: 20px !important;}&#8221;]<ul>\n \t<li><a href=\"https:\/\/www.umv.gov.co\/portal\/wp-content\/uploads\/2025\/06\/20250603_-Analisis-de-satisfaccion_Colegio-Kennedy.pdf\" target=\"_blank\" rel=\"noopener\">An\u00e1lisis satisfacci\u00f3n UMV al Barrio Colegio Kennedy<\/a><\/li>\n \t<li><a href=\"https:\/\/www.umv.gov.co\/portal\/wp-content\/uploads\/2025\/06\/Sistematizacion-UMV-al-barrio-ciclo-de-empoderamiento-ciudadano-Sesion-II_FONTIBON.xlsx\" target=\"_blank\" rel=\"noopener\">Sistematizaci\u00f3n UMV al Barrio Colegio Kennedy<\/a><\/li>\n<\/ul>[\/vc_column_text]<span class=\"pix-badge-element h6 d-inline-flex mr-1 \"  ><span class=\"badge font-weight-bold secondary-font  bg-secondary  vc_custom_1750789443457  \" style=\" \"><span class=\"text-white\" style=\"\">Sesi\u00f3n I Fontib\u00f3n<\/span><\/span><\/span>[vc_column_text css=&#8221;.vc_custom_1750789770206{margin-bottom: 20px !important;}&#8221;]<ul>\n \t<li><a href=\"https:\/\/www.umv.gov.co\/portal\/wp-content\/uploads\/2025\/06\/20250519_INFORME-DE-CONVOCATORIA-UMV-AL-BARRIO-FONTIBON.pdf\" target=\"_blank\" rel=\"noopener\">INFORME DE CONVOCATORIA UMV AL BARRIO FONTIBO\u0301N<\/a><\/li>\n \t<li><a href=\"https:\/\/www.umv.gov.co\/portal\/wp-content\/uploads\/2025\/06\/20250519_Analisis-satisfaccion_UMValBarrio_fontibon-sesion-I.xlsx-1.pdf\" target=\"_blank\" rel=\"noopener\">An\u00e1lisis satisfacci\u00f3n UMV al Barrio Fontib\u00f3n sesi\u00f3n I<\/a><\/li>\n \t<li><a href=\"https:\/\/www.umv.gov.co\/portal\/wp-content\/uploads\/2025\/06\/20250519_Sistematizacion_UMValBarrio_fontibon-sesion-I.xlsx\" target=\"_blank\" rel=\"noopener\">Sistematizaci\u00f3n UMV al Barrio Fontib\u00f3n Sesi\u00f3n I<\/a><\/li>\n<\/ul>[\/vc_column_text]<span class=\"pix-badge-element h6 d-inline-flex mr-1 \"  ><span class=\"badge font-weight-bold secondary-font  bg-secondary  vc_custom_1750789684058  \" style=\" \"><span class=\"text-white\" style=\"\">Sesi\u00f3n II Fontib\u00f3n<\/span><\/span><\/span>[vc_column_text css=&#8221;.vc_custom_1750789747019{margin-bottom: 20px !important;}&#8221;]<ul>\n \t<li><a href=\"https:\/\/www.umv.gov.co\/portal\/wp-content\/uploads\/2025\/06\/20250531_Informe-de-convocatoria_Sesion-II_fontibon.pdf\" target=\"_blank\" rel=\"noopener\">INFORME DE CONVOCATORIA UMV AL BARRIO FONTIBO\u0301N<\/a><\/li>\n \t<li><a href=\"https:\/\/www.umv.gov.co\/portal\/wp-content\/uploads\/2025\/06\/Analisis-de-encuesta-sesion-ll-Fontibon-.pdf\" target=\"_blank\" rel=\"noopener\">An\u00e1lisis satisfacci\u00f3n UMV al Barrio Fontib\u00f3n sesi\u00f3n I<\/a><\/li>\n \t<li><a href=\"https:\/\/www.umv.gov.co\/portal\/wp-content\/uploads\/2025\/06\/Sistematizacion-UMV-al-barrio-ciclo-de-empoderamiento-ciudadano-Sesion-II_FONTIBON.xlsx\" target=\"_blank\" rel=\"noopener\">Sistematizaci\u00f3n UMV al Barrio Fontib\u00f3n Sesi\u00f3n I<\/a><\/li>\n<\/ul>[\/vc_column_text]<span class=\"pix-badge-element h6 d-inline-flex mr-1 \"  ><span class=\"badge font-weight-bold secondary-font  bg-secondary  vc_custom_1750792460159  \" style=\" \"><span class=\"text-white\" style=\"\">Umv al Barrio Colegio Fontib\u00f3n<\/span><\/span><\/span>[vc_column_text css=&#8221;.vc_custom_1750792528601{margin-bottom: 20px !important;}&#8221;]<ul>\n \t<li><a href=\"https:\/\/www.umv.gov.co\/portal\/wp-content\/uploads\/2025\/06\/20250527_Informe-Analisis-de-satisfaccion-_Colegio-Fontibon.pdf\" target=\"_blank\" rel=\"noopener\">An\u00e1lisis satisfacci\u00f3n UMV al Barrio Colegio Fontib\u00f3n<\/a><\/li>\n \t<li><a href=\"https:\/\/www.umv.gov.co\/portal\/wp-content\/uploads\/2025\/06\/Sistematizacion_UMValBarrio_Colegio-Fontibon.xlsx-ok.xlsx\" target=\"_blank\" rel=\"noopener\">Sistematizaci\u00f3n UMV al Barrio Colegio Fontib\u00f3n<\/a><\/li>\n<\/ul>[\/vc_column_text][\/vc_tta_section][\/vc_tta_tabs][\/vc_column][\/vc_row]<\/div>","protected":false},"excerpt":{"rendered":"[vc_row pix_particles_check=&#8221;&#8221; pix_background_effect=&#8221;&#8221; css=&#8221;.vc_custom_1729203371442{margin-top: -20px !important;}&#8221;][vc_column pix_background_effect=&#8221;&#8221;][\/vc_column][\/vc_row][vc_row pix_particles_check=&#8221;&#8221; pix_background_effect=&#8221;&#8221;][vc_column pix_background_effect=&#8221;&#8221;][vc_tta_tabs style=&#8221;outline&#8221; color=&#8221;mulled-wine&#8221; active_section=&#8221;1&#8243;][vc_tta_section title=&#8221;Vigencia 2026&#8243; tab_id=&#8221;1784241378852-a5b858fb-fa40&#8243;][vc_column_text css=&#8221;.vc_custom_1784242185734{margin-bottom: 20px !important;}&#8221;] Informe de Satisfacci\u00f3n colegio el Verj\u00f3n Santaf\u00e9 Sistematizaci\u00f3n UMV al barrio colegio el Verj\u00f3n Santaf\u00e9 [\/vc_column_text][vc_column_text css=&#8221;.vc_custom_1784243143130{margin-bottom: 20px !important;}&#8221;] INFORME DE&#8230;","protected":false},"author":14,"featured_media":0,"parent":0,"menu_order":0,"comment_status":"closed","ping_status":"closed","template":"","meta":{"_monsterinsights_skip_tracking":false,"footnotes":""},"class_list":["post-47474","page","type-page","status-publish","hentry"],"_links":{"self":[{"href":"https:\/\/www.umv.gov.co\/portal\/wp-json\/wp\/v2\/pages\/47474","targetHints":{"allow":["GET"]}}],"collection":[{"href":"https:\/\/www.umv.gov.co\/portal\/wp-json\/wp\/v2\/pages"}],"about":[{"href":"https:\/\/www.umv.gov.co\/portal\/wp-json\/wp\/v2\/types\/page"}],"author":[{"embeddable":true,"href":"https:\/\/www.umv.gov.co\/portal\/wp-json\/wp\/v2\/users\/14"}],"replies":[{"embeddable":true,"href":"https:\/\/www.umv.gov.co\/portal\/wp-json\/wp\/v2\/comments?post=47474"}],"version-history":[{"count":4,"href":"https:\/\/www.umv.gov.co\/portal\/wp-json\/wp\/v2\/pages\/47474\/revisions"}],"predecessor-version":[{"id":59311,"href":"https:\/\/www.umv.gov.co\/portal\/wp-json\/wp\/v2\/pages\/47474\/revisions\/59311"}],"wp:attachment":[{"href":"https:\/\/www.umv.gov.co\/portal\/wp-json\/wp\/v2\/media?parent=47474"}],"curies":[{"name":"wp","href":"https:\/\/api.w.org\/{rel}","templated":true}]}}